{"id":494,"date":"2017-11-06T22:11:58","date_gmt":"2017-11-06T22:11:58","guid":{"rendered":"https:\/\/clinicadentalmir.com?page_id=494"},"modified":"2026-03-12T19:18:30","modified_gmt":"2026-03-12T18:18:30","slug":"equipo","status":"publish","type":"page","link":"https:\/\/clinicadentalmir.com\/es\/equipo","title":{"rendered":"Equipo"},"content":{"rendered":"<p>Nuestro equipo de profesionales est\u00e1 dirigido\u00a0por <strong>Francesc Mir<\/strong>, director m\u00e9dico del centro, que fund\u00f3 la cl\u00ednica el a\u00f1o 1982 juntamente con\u00a0 <strong>Francisca Dey\u00e0<\/strong>, que ha compaginado desde su apertura tanto la gesti\u00f3n de la cl\u00ednica como sus\u00a0funciones\u00a0como prot\u00e9sica.<\/p>\n<p>Actualmente disponemos\u00a0de un equipo multidisciplinar formado por los siguientes profesionales:<\/p>\n<p><strong>Francesc B. Mir Tom\u00e0s<\/strong>:<\/p>\n<ul>\n<li><strong>M\u00e9dico estomat\u00f3logo<\/strong>\u00a0licenciado\u00a0por la Universitat de Barcelona el a\u00f1o 1982.<\/li>\n<\/ul>\n<p><strong>Elisabet Mir Dey\u00e0<\/strong>:<\/p>\n<ul>\n<li><strong>Licenciada en Odontolog\u00eda<\/strong> por la Universitat de Barcelona (UB) en el a\u00f1o 2007.<\/li>\n<li><strong>M\u00e1ster de Cirug\u00eda y Implantes<\/strong>\u00a0en la Escola Superior d&#8217;Implantologia de Barcelona.<\/li>\n<\/ul>\n<p><strong>Margalida Mir Dey\u00e0<\/strong>:<\/p>\n<ul>\n<li><strong>Licenciada en Odontolog\u00eda<\/strong> por la Universitat de Barcelona (UB) el a\u00f1o 2011.<\/li>\n<li><strong>M\u00e1ster en Ortod\u00f3ncia<\/strong> (Tratamiento integral de les deformidades y malformaciones dentofaciales en pediatr\u00eda) en \u00a0el Hospital Sant Joan de D\u00e9u de Barcelona<\/li>\n<\/ul>\n<p><b>Antoni Mir Dey\u00e0<\/b>:<\/p>\n<ul>\n<li><strong>Licenciado en Odontologia<\/strong> por la Universitat de Barcelona (UB) el a\u00f1o 2017.<\/li>\n<\/ul>\n<p><strong>Maria Servera:<\/strong><\/p>\n<ul>\n<li><strong>Licenciada en Odontologia<\/strong><\/li>\n<\/ul>\n<p><strong>Joana Maria Font:<\/strong><\/p>\n<ul>\n<li>Higienista bucodental<\/li>\n<\/ul>\n<p><strong>Joana Aina Mart\u00ednez<\/strong>:<\/p>\n<ul>\n<li>Higienista bucodental<\/li>\n<\/ul>\n<p><strong>Ismael Fern\u00e1ndez:<\/strong><\/p>\n<ul>\n<li>Higienista bucodental<\/li>\n<\/ul>\n<p><strong>Maria Elena Mart\u00ednez<\/strong><\/p>\n<ul>\n<li>Higienista bucodental<\/li>\n<\/ul>\n<p><strong>Juan Francisco M\u00f3jer<\/strong>:<\/p>\n<ul>\n<li>Higienista bucodental<\/li>\n<\/ul>\n<p><strong>Llucia M\u00e1s:<\/strong><\/p>\n<ul>\n<li>Auxiliar dental<\/li>\n<\/ul>\n<p><strong>Isabel Vila<\/strong><\/p>\n<ul>\n<li>Recepci\u00f3n<\/li>\n<\/ul>\n\n\n<p><\/p>\n","protected":false},"excerpt":{"rendered":"<p>Nuestro equipo de profesionales est\u00e1 dirigido\u00a0por Francesc Mir, director m\u00e9dico del centro, que fund\u00f3 la cl\u00ednica el a\u00f1o 1982 juntamente con\u00a0 Francisca Dey\u00e0, que ha compaginado desde su apertura tanto la gesti\u00f3n de la cl\u00ednica como sus\u00a0funciones\u00a0como prot\u00e9sica. Actualmente disponemos\u00a0de un equipo multidisciplinar formado por los siguientes profesionales: Francesc B. Mir Tom\u00e0s: M\u00e9dico estomat\u00f3logo\u00a0licenciado\u00a0por la &hellip; <\/p>\n<p class=\"link-more\"><a href=\"https:\/\/clinicadentalmir.com\/es\/equipo\" class=\"more-link\">Continuar leyendo<span class=\"screen-reader-text\"> \u00abEquipo\u00bb<\/span><\/a><\/p>\n","protected":false},"author":3,"featured_media":0,"parent":0,"menu_order":0,"comment_status":"closed","ping_status":"closed","template":"","meta":{"footnotes":""},"class_list":["post-494","page","type-page","status-publish","hentry"],"yoast_head":"<!-- This site is optimized with the Yoast SEO plugin v27.4 - https:\/\/yoast.com\/product\/yoast-seo-wordpress\/ -->\n<title>Equipo - Cl\u00ednica Dental Mir<\/title>\n<meta name=\"description\" content=\"El equipo de profesionales dirigido por Elisabet, Margalida y Toni Mir ofrece todo tipo de tratamientos dentales para garantizar tu mejor sonrisa\" \/>\n<meta name=\"robots\" content=\"index, follow, max-snippet:-1, max-image-preview:large, max-video-preview:-1\" \/>\n<link rel=\"canonical\" href=\"https:\/\/clinicadentalmir.com\/es\/equipo\" \/>\n<meta property=\"og:locale\" content=\"es_ES\" \/>\n<meta property=\"og:type\" content=\"article\" \/>\n<meta property=\"og:title\" content=\"Equipo - Cl\u00ednica Dental Mir\" \/>\n<meta property=\"og:description\" content=\"El equipo de profesionales dirigido por Elisabet, Margalida y Toni Mir ofrece todo tipo de tratamientos dentales para garantizar tu mejor sonrisa\" \/>\n<meta property=\"og:url\" content=\"https:\/\/clinicadentalmir.com\/es\/equipo\" \/>\n<meta property=\"og:site_name\" content=\"Cl\u00ednica Dental Mir\" \/>\n<meta property=\"article:modified_time\" content=\"2026-03-12T18:18:30+00:00\" \/>\n<meta property=\"og:image\" content=\"https:\/\/clinicadentalmir.com\/wp-content\/uploads\/2017\/11\/recepcio-entrada-1.jpg\" \/>\n\t<meta property=\"og:image:width\" content=\"2000\" \/>\n\t<meta property=\"og:image:height\" content=\"1500\" \/>\n\t<meta property=\"og:image:type\" content=\"image\/jpeg\" \/>\n<meta name=\"twitter:card\" content=\"summary_large_image\" \/>\n<meta name=\"twitter:label1\" content=\"Tiempo de lectura\" \/>\n\t<meta name=\"twitter:data1\" content=\"1 minuto\" \/>\n<script type=\"application\/ld+json\" class=\"yoast-schema-graph\">{\"@context\":\"https:\\\/\\\/schema.org\",\"@graph\":[{\"@type\":\"WebPage\",\"@id\":\"https:\\\/\\\/clinicadentalmir.com\\\/es\\\/equipo\",\"url\":\"https:\\\/\\\/clinicadentalmir.com\\\/es\\\/equipo\",\"name\":\"Equipo - Cl\u00ednica Dental Mir\",\"isPartOf\":{\"@id\":\"https:\\\/\\\/clinicadentalmir.com\\\/es\\\/#website\"},\"datePublished\":\"2017-11-06T22:11:58+00:00\",\"dateModified\":\"2026-03-12T18:18:30+00:00\",\"description\":\"El equipo de profesionales dirigido por Elisabet, Margalida y Toni Mir ofrece todo tipo de tratamientos dentales para garantizar tu mejor sonrisa\",\"breadcrumb\":{\"@id\":\"https:\\\/\\\/clinicadentalmir.com\\\/es\\\/equipo#breadcrumb\"},\"inLanguage\":\"es\",\"potentialAction\":[{\"@type\":\"ReadAction\",\"target\":[\"https:\\\/\\\/clinicadentalmir.com\\\/es\\\/equipo\"]}]},{\"@type\":\"BreadcrumbList\",\"@id\":\"https:\\\/\\\/clinicadentalmir.com\\\/es\\\/equipo#breadcrumb\",\"itemListElement\":[{\"@type\":\"ListItem\",\"position\":1,\"name\":\"Inici\",\"item\":\"https:\\\/\\\/clinicadentalmir.com\\\/es\"},{\"@type\":\"ListItem\",\"position\":2,\"name\":\"Equipo\"}]},{\"@type\":\"WebSite\",\"@id\":\"https:\\\/\\\/clinicadentalmir.com\\\/es\\\/#website\",\"url\":\"https:\\\/\\\/clinicadentalmir.com\\\/es\\\/\",\"name\":\"Cl\u00ednica Dental Mir\",\"description\":\"Centre Odont\u00f2logic Integral\",\"publisher\":{\"@id\":\"https:\\\/\\\/clinicadentalmir.com\\\/es\\\/#organization\"},\"alternateName\":\"Centre Odontol\u00f2gic integral a s'Arenal\",\"potentialAction\":[{\"@type\":\"SearchAction\",\"target\":{\"@type\":\"EntryPoint\",\"urlTemplate\":\"https:\\\/\\\/clinicadentalmir.com\\\/es\\\/?s={search_term_string}\"},\"query-input\":{\"@type\":\"PropertyValueSpecification\",\"valueRequired\":true,\"valueName\":\"search_term_string\"}}],\"inLanguage\":\"es\"},{\"@type\":\"Organization\",\"@id\":\"https:\\\/\\\/clinicadentalmir.com\\\/es\\\/#organization\",\"name\":\"Cl\u00ednica Dental Mir\",\"alternateName\":\"dentista general, cirug\u00eda, est\u00e8tica i ortod\u00f2ncia\",\"url\":\"https:\\\/\\\/clinicadentalmir.com\\\/es\\\/\",\"logo\":{\"@type\":\"ImageObject\",\"inLanguage\":\"es\",\"@id\":\"https:\\\/\\\/clinicadentalmir.com\\\/es\\\/#\\\/schema\\\/logo\\\/image\\\/\",\"url\":\"https:\\\/\\\/clinicadentalmir.com\\\/wp-content\\\/uploads\\\/2026\\\/03\\\/Logo-clinica-dental-mir-e1773266855310.jpg\",\"contentUrl\":\"https:\\\/\\\/clinicadentalmir.com\\\/wp-content\\\/uploads\\\/2026\\\/03\\\/Logo-clinica-dental-mir-e1773266855310.jpg\",\"width\":555,\"height\":513,\"caption\":\"Cl\u00ednica Dental Mir\"},\"image\":{\"@id\":\"https:\\\/\\\/clinicadentalmir.com\\\/es\\\/#\\\/schema\\\/logo\\\/image\\\/\"}}]}<\/script>\n<!-- \/ Yoast SEO plugin. -->","yoast_head_json":{"title":"Equipo - Cl\u00ednica Dental Mir","description":"El equipo de profesionales dirigido por Elisabet, Margalida y Toni Mir ofrece todo tipo de tratamientos dentales para garantizar tu mejor sonrisa","robots":{"index":"index","follow":"follow","max-snippet":"max-snippet:-1","max-image-preview":"max-image-preview:large","max-video-preview":"max-video-preview:-1"},"canonical":"https:\/\/clinicadentalmir.com\/es\/equipo","og_locale":"es_ES","og_type":"article","og_title":"Equipo - Cl\u00ednica Dental Mir","og_description":"El equipo de profesionales dirigido por Elisabet, Margalida y Toni Mir ofrece todo tipo de tratamientos dentales para garantizar tu mejor sonrisa","og_url":"https:\/\/clinicadentalmir.com\/es\/equipo","og_site_name":"Cl\u00ednica Dental Mir","article_modified_time":"2026-03-12T18:18:30+00:00","og_image":[{"width":2000,"height":1500,"url":"https:\/\/clinicadentalmir.com\/wp-content\/uploads\/2017\/11\/recepcio-entrada-1.jpg","type":"image\/jpeg"}],"twitter_card":"summary_large_image","twitter_misc":{"Tiempo de lectura":"1 minuto"},"schema":{"@context":"https:\/\/schema.org","@graph":[{"@type":"WebPage","@id":"https:\/\/clinicadentalmir.com\/es\/equipo","url":"https:\/\/clinicadentalmir.com\/es\/equipo","name":"Equipo - Cl\u00ednica Dental Mir","isPartOf":{"@id":"https:\/\/clinicadentalmir.com\/es\/#website"},"datePublished":"2017-11-06T22:11:58+00:00","dateModified":"2026-03-12T18:18:30+00:00","description":"El equipo de profesionales dirigido por Elisabet, Margalida y Toni Mir ofrece todo tipo de tratamientos dentales para garantizar tu mejor sonrisa","breadcrumb":{"@id":"https:\/\/clinicadentalmir.com\/es\/equipo#breadcrumb"},"inLanguage":"es","potentialAction":[{"@type":"ReadAction","target":["https:\/\/clinicadentalmir.com\/es\/equipo"]}]},{"@type":"BreadcrumbList","@id":"https:\/\/clinicadentalmir.com\/es\/equipo#breadcrumb","itemListElement":[{"@type":"ListItem","position":1,"name":"Inici","item":"https:\/\/clinicadentalmir.com\/es"},{"@type":"ListItem","position":2,"name":"Equipo"}]},{"@type":"WebSite","@id":"https:\/\/clinicadentalmir.com\/es\/#website","url":"https:\/\/clinicadentalmir.com\/es\/","name":"Cl\u00ednica Dental Mir","description":"Centre Odont\u00f2logic Integral","publisher":{"@id":"https:\/\/clinicadentalmir.com\/es\/#organization"},"alternateName":"Centre Odontol\u00f2gic integral a s'Arenal","potentialAction":[{"@type":"SearchAction","target":{"@type":"EntryPoint","urlTemplate":"https:\/\/clinicadentalmir.com\/es\/?s={search_term_string}"},"query-input":{"@type":"PropertyValueSpecification","valueRequired":true,"valueName":"search_term_string"}}],"inLanguage":"es"},{"@type":"Organization","@id":"https:\/\/clinicadentalmir.com\/es\/#organization","name":"Cl\u00ednica Dental Mir","alternateName":"dentista general, cirug\u00eda, est\u00e8tica i ortod\u00f2ncia","url":"https:\/\/clinicadentalmir.com\/es\/","logo":{"@type":"ImageObject","inLanguage":"es","@id":"https:\/\/clinicadentalmir.com\/es\/#\/schema\/logo\/image\/","url":"https:\/\/clinicadentalmir.com\/wp-content\/uploads\/2026\/03\/Logo-clinica-dental-mir-e1773266855310.jpg","contentUrl":"https:\/\/clinicadentalmir.com\/wp-content\/uploads\/2026\/03\/Logo-clinica-dental-mir-e1773266855310.jpg","width":555,"height":513,"caption":"Cl\u00ednica Dental Mir"},"image":{"@id":"https:\/\/clinicadentalmir.com\/es\/#\/schema\/logo\/image\/"}}]}},"_links":{"self":[{"href":"https:\/\/clinicadentalmir.com\/es\/wp-json\/wp\/v2\/pages\/494","targetHints":{"allow":["GET"]}}],"collection":[{"href":"https:\/\/clinicadentalmir.com\/es\/wp-json\/wp\/v2\/pages"}],"about":[{"href":"https:\/\/clinicadentalmir.com\/es\/wp-json\/wp\/v2\/types\/page"}],"author":[{"embeddable":true,"href":"https:\/\/clinicadentalmir.com\/es\/wp-json\/wp\/v2\/users\/3"}],"replies":[{"embeddable":true,"href":"https:\/\/clinicadentalmir.com\/es\/wp-json\/wp\/v2\/comments?post=494"}],"version-history":[{"count":5,"href":"https:\/\/clinicadentalmir.com\/es\/wp-json\/wp\/v2\/pages\/494\/revisions"}],"predecessor-version":[{"id":805,"href":"https:\/\/clinicadentalmir.com\/es\/wp-json\/wp\/v2\/pages\/494\/revisions\/805"}],"wp:attachment":[{"href":"https:\/\/clinicadentalmir.com\/es\/wp-json\/wp\/v2\/media?parent=494"}],"curies":[{"name":"wp","href":"https:\/\/api.w.org\/{rel}","templated":true}]}}