{"id":778,"date":"2021-04-09T12:06:47","date_gmt":"2021-04-09T12:06:47","guid":{"rendered":"https:\/\/clinicadentalmir.com\/?page_id=778"},"modified":"2021-04-09T12:06:48","modified_gmt":"2021-04-09T12:06:48","slug":"politica-de-privacidad","status":"publish","type":"page","link":"https:\/\/clinicadentalmir.com\/es\/politica-de-privacidad","title":{"rendered":"Pol\u00edtica de privacidad"},"content":{"rendered":"\n<p>En la Cl\u00ednica Dental Mir  somos conscientes de la importancia de los datos personales de nuestros pacientes y por eso ponemos  todas las medidas que estan en nuestro alcance para garantizar su seguridad y proteger su privacidad.<\/p>\n\n\n\n<h4 class=\"wp-block-heading\">Identificaci\u00f3n<\/h4>\n\n\n\n<p><strong>Titular:<\/strong> Cl\u00ednica Dental Mir (Francesc Mir Tom\u00e1s) (en adelante, DentalMir)<br><strong>CIF<\/strong>: 42966501V<br><strong>Direcci\u00f3n:<\/strong> calle Trasim\u00e9 n\u00ba 63, s&#8217;Arenal 07600, Palma, Illes Balears, Espanya<br><strong>Correo<\/strong>: info@clinicadentalmir.com<br><strong>DPO:<\/strong> No existe obligaci\u00f3n de disponer de un Delegado de Protecci\u00f3n de Datos de conformidad con el art\u00edculo 37 del Reglamento (UE) 2016\/679.<\/p>\n\n\n\n<h4 class=\"wp-block-heading\">Informaci\u00f3n, consentimento y finalidad <\/h4>\n\n\n\n<p>Utilizamos sus datos  para:<\/p>\n\n\n\n<p>Contactar con usted y solucionar cualquier consulta planteada a trav\u00e9s de nuestra web.<\/p>\n\n\n\n<p>Cuando se contrate un servcio o tratamiento dental a DentalMir para la gesti\u00f3n de la relaci\u00f3n contractual i llevar a cabo la asistencia sanitaria solicitada.<\/p>\n\n\n\n<p>Siempre dentro del \u00e1mbito l\u00edciot del tratamiento en base a las disposiciones contempladas en el Reglamiento (UE) 2016\/679 del Parlamento Europeo  y del Consejo de 27 d&#8217;abril de 2016, relativo a la protecci\u00f3n de datos de las personas f\u00edsicas en lo que respecta al tratamiento de datos personales y a la libre circulaci\u00f3n de estos datos (a parti de ahora, \u00abRGPD\u00bb).<\/p>\n\n\n\n<h4 class=\"wp-block-heading\">Legitimaci\u00f3n de datos<\/h4>\n\n\n\n<ul class=\"wp-block-list\"><li>Datos de pacientes, la base legal para el tratamiento de sus datos es la ejecuci\u00f3n del contrato de prestaci\u00f3n  de servicios dental formalizado a trav\u00e9s de la aceptaci\u00f3n del presupuesto i\/o durante la formalizaci\u00f3n de la historia cl\u00ednica en la primera visita.<\/li><li>Datos de las consultas a trav\u00e9s de la web, el propio consentimiento del interesado\/a.<\/li><\/ul>\n\n\n\n<p><strong>Duraci\u00f3n de los datos<\/strong><\/p>\n\n\n\n<p>El per\u00edodo de conservaci\u00f3n de los datos personales es el seguiente:<\/p>\n\n\n\n<p><strong>Datos de pacientes:<\/strong> 5 a\u00f1os desde la fecha de alta de cada proceso asistencial, de acuerdo con lo dispuesto en el \u00ab<em>art\u00edculo 17.1 de la Ley 41\/2002 de 14 noviembre, de autonom\u00eda del paciente y derechos y obligaciones en materia de informaci\u00f3n y documentaci\u00f3n cl\u00ednica, a excepci\u00f3n de aquella que pueda conservarse hasta 15 a\u00f1os, de acuerdo con lo establecido en el art\u00edculo 12 de la Ley 21\/2000, de 29 de diciembre<\/em>,\u00bb sobre los derechos de la informaci\u00f3n referente a la salud y la autonom\u00eda del paciente y la documentaci\u00f3n cl\u00ednica.<\/p>\n\n\n\n<ul class=\"wp-block-list\"><li><strong>Datos de las consultas a trav\u00e9s de la web<\/strong>: durante el tiempo necesario para dar respuesta a la consulta planteada y hasta a un per\u00edodo  de un a\u00f1o.<\/li><\/ul>\n\n\n\n<p><strong>Comunicaci\u00f3n de datos con terceros<\/strong><\/p>\n\n\n\n<p>No se comunicar\u00e1n datos a terceros, excepto aquellos que est\u00e9n sujetos a alguna obligaci\u00f3n legal.<\/p>\n\n\n\n<h4 class=\"wp-block-heading\">Derechos de los interesados:<\/h4>\n\n\n\n<p>Puede solicitar por escrito a la direcci\u00f3n de correo electr\u00f3nico indicada, incluyendo una fotocopia de se DNI u otro documento acreditativo similar, para ejercitar cualquiera de los siguientes derechos:<\/p>\n\n\n\n<ul class=\"wp-block-list\"><li>Derecho a solicitar el acceso a sus datos personales.<\/li><li>Derecho a solicitar la rectificaci\u00f3n (en el caso de que sean incorrectos) o su supresi\u00f3n.<\/li><li>Derecho a solicitar la limitaci\u00f3n de su tratamiento, en los casos legalmente previstos, en estos casos \u00fanicamente ser\u00e1n conservados para el ejercicio o la defensa de possibles reclamaciones.<\/li><li>Derecho a oponerse al tratamiento.<\/li><li>Derecho a la portabilidad de los datos.<\/li><\/ul>\n\n\n\n<p>Tien derecho a retirar el consentimento prestado, en cualquier momento, sin que ello afecte a la licitud del tratamiento basado en el consentimento previo a la seva retirada.<\/p>\n\n\n\n<p>Para m\u00e1s informaci\u00f3n, puede acceder a los modelos y formularios de la p\u00e1gina web de la Autoridad de Control, que en nuestro caso es la Agencia Espa\u00f1ola de Protecci\u00f3n de Datos, ante la que tambi\u00e9n podr\u00e1 reclamar en cas de no obtener de forma satisfactoria en  el ejercicio de sus derechos.<\/p>\n","protected":false},"excerpt":{"rendered":"<p>En la Cl\u00ednica Dental Mir somos conscientes de la importancia de los datos personales de nuestros pacientes y por eso ponemos todas las medidas que estan en nuestro alcance para garantizar su seguridad y proteger su privacidad. Identificaci\u00f3n Titular: Cl\u00ednica Dental Mir (Francesc Mir Tom\u00e1s) (en adelante, DentalMir)CIF: 42966501VDirecci\u00f3n: calle Trasim\u00e9 n\u00ba 63, s&#8217;Arenal 07600, &hellip; <\/p>\n<p class=\"link-more\"><a href=\"https:\/\/clinicadentalmir.com\/es\/politica-de-privacidad\" class=\"more-link\">Continuar leyendo<span class=\"screen-reader-text\"> \u00abPol\u00edtica de privacidad\u00bb<\/span><\/a><\/p>\n","protected":false},"author":3,"featured_media":0,"parent":0,"menu_order":0,"comment_status":"closed","ping_status":"closed","template":"","meta":{"footnotes":""},"class_list":["post-778","page","type-page","status-publish","hentry"],"yoast_head":"<!-- This site is optimized with the Yoast SEO plugin v27.4 - https:\/\/yoast.com\/product\/yoast-seo-wordpress\/ -->\n<title>Pol\u00edtica de privacidad - Cl\u00ednica Dental Mir<\/title>\n<meta name=\"robots\" content=\"index, follow, max-snippet:-1, max-image-preview:large, max-video-preview:-1\" \/>\n<link rel=\"canonical\" href=\"https:\/\/clinicadentalmir.com\/es\/politica-de-privacidad\" \/>\n<meta property=\"og:locale\" content=\"es_ES\" \/>\n<meta property=\"og:type\" content=\"article\" \/>\n<meta property=\"og:title\" content=\"Pol\u00edtica de privacidad - Cl\u00ednica Dental Mir\" \/>\n<meta property=\"og:description\" content=\"En la Cl\u00ednica Dental Mir somos conscientes de la importancia de los datos personales de nuestros pacientes y por eso ponemos todas las medidas que estan en nuestro alcance para garantizar su seguridad y proteger su privacidad. Identificaci\u00f3n Titular: Cl\u00ednica Dental Mir (Francesc Mir Tom\u00e1s) (en adelante, DentalMir)CIF: 42966501VDirecci\u00f3n: calle Trasim\u00e9 n\u00ba 63, s&#8217;Arenal 07600, &hellip; Continuar leyendo &quot;Pol\u00edtica de privacidad&quot;\" \/>\n<meta property=\"og:url\" content=\"https:\/\/clinicadentalmir.com\/es\/politica-de-privacidad\" \/>\n<meta property=\"og:site_name\" content=\"Cl\u00ednica Dental Mir\" \/>\n<meta property=\"article:modified_time\" content=\"2021-04-09T12:06:48+00:00\" \/>\n<meta property=\"og:image\" content=\"https:\/\/clinicadentalmir.com\/wp-content\/uploads\/2017\/11\/recepcio-entrada-1.jpg\" \/>\n\t<meta property=\"og:image:width\" content=\"2000\" \/>\n\t<meta property=\"og:image:height\" content=\"1500\" \/>\n\t<meta property=\"og:image:type\" content=\"image\/jpeg\" \/>\n<meta name=\"twitter:card\" content=\"summary_large_image\" \/>\n<meta name=\"twitter:label1\" content=\"Tiempo de lectura\" \/>\n\t<meta name=\"twitter:data1\" content=\"3 minutos\" \/>\n<script type=\"application\/ld+json\" class=\"yoast-schema-graph\">{\"@context\":\"https:\\\/\\\/schema.org\",\"@graph\":[{\"@type\":\"WebPage\",\"@id\":\"https:\\\/\\\/clinicadentalmir.com\\\/es\\\/politica-de-privacidad\",\"url\":\"https:\\\/\\\/clinicadentalmir.com\\\/es\\\/politica-de-privacidad\",\"name\":\"Pol\u00edtica de privacidad - Cl\u00ednica Dental Mir\",\"isPartOf\":{\"@id\":\"https:\\\/\\\/clinicadentalmir.com\\\/es\\\/#website\"},\"datePublished\":\"2021-04-09T12:06:47+00:00\",\"dateModified\":\"2021-04-09T12:06:48+00:00\",\"breadcrumb\":{\"@id\":\"https:\\\/\\\/clinicadentalmir.com\\\/es\\\/politica-de-privacidad#breadcrumb\"},\"inLanguage\":\"es\",\"potentialAction\":[{\"@type\":\"ReadAction\",\"target\":[\"https:\\\/\\\/clinicadentalmir.com\\\/es\\\/politica-de-privacidad\"]}]},{\"@type\":\"BreadcrumbList\",\"@id\":\"https:\\\/\\\/clinicadentalmir.com\\\/es\\\/politica-de-privacidad#breadcrumb\",\"itemListElement\":[{\"@type\":\"ListItem\",\"position\":1,\"name\":\"Inici\",\"item\":\"https:\\\/\\\/clinicadentalmir.com\\\/es\"},{\"@type\":\"ListItem\",\"position\":2,\"name\":\"Pol\u00edtica de privacidad\"}]},{\"@type\":\"WebSite\",\"@id\":\"https:\\\/\\\/clinicadentalmir.com\\\/es\\\/#website\",\"url\":\"https:\\\/\\\/clinicadentalmir.com\\\/es\\\/\",\"name\":\"Cl\u00ednica Dental Mir\",\"description\":\"Centre Odont\u00f2logic Integral\",\"publisher\":{\"@id\":\"https:\\\/\\\/clinicadentalmir.com\\\/es\\\/#organization\"},\"alternateName\":\"Centre Odontol\u00f2gic integral a s'Arenal\",\"potentialAction\":[{\"@type\":\"SearchAction\",\"target\":{\"@type\":\"EntryPoint\",\"urlTemplate\":\"https:\\\/\\\/clinicadentalmir.com\\\/es\\\/?s={search_term_string}\"},\"query-input\":{\"@type\":\"PropertyValueSpecification\",\"valueRequired\":true,\"valueName\":\"search_term_string\"}}],\"inLanguage\":\"es\"},{\"@type\":\"Organization\",\"@id\":\"https:\\\/\\\/clinicadentalmir.com\\\/es\\\/#organization\",\"name\":\"Cl\u00ednica Dental Mir\",\"alternateName\":\"dentista general, cirug\u00eda, est\u00e8tica i ortod\u00f2ncia\",\"url\":\"https:\\\/\\\/clinicadentalmir.com\\\/es\\\/\",\"logo\":{\"@type\":\"ImageObject\",\"inLanguage\":\"es\",\"@id\":\"https:\\\/\\\/clinicadentalmir.com\\\/es\\\/#\\\/schema\\\/logo\\\/image\\\/\",\"url\":\"https:\\\/\\\/clinicadentalmir.com\\\/wp-content\\\/uploads\\\/2026\\\/03\\\/Logo-clinica-dental-mir-e1773266855310.jpg\",\"contentUrl\":\"https:\\\/\\\/clinicadentalmir.com\\\/wp-content\\\/uploads\\\/2026\\\/03\\\/Logo-clinica-dental-mir-e1773266855310.jpg\",\"width\":555,\"height\":513,\"caption\":\"Cl\u00ednica Dental Mir\"},\"image\":{\"@id\":\"https:\\\/\\\/clinicadentalmir.com\\\/es\\\/#\\\/schema\\\/logo\\\/image\\\/\"}}]}<\/script>\n<!-- \/ Yoast SEO plugin. -->","yoast_head_json":{"title":"Pol\u00edtica de privacidad - Cl\u00ednica Dental Mir","robots":{"index":"index","follow":"follow","max-snippet":"max-snippet:-1","max-image-preview":"max-image-preview:large","max-video-preview":"max-video-preview:-1"},"canonical":"https:\/\/clinicadentalmir.com\/es\/politica-de-privacidad","og_locale":"es_ES","og_type":"article","og_title":"Pol\u00edtica de privacidad - Cl\u00ednica Dental Mir","og_description":"En la Cl\u00ednica Dental Mir somos conscientes de la importancia de los datos personales de nuestros pacientes y por eso ponemos todas las medidas que estan en nuestro alcance para garantizar su seguridad y proteger su privacidad. Identificaci\u00f3n Titular: Cl\u00ednica Dental Mir (Francesc Mir Tom\u00e1s) (en adelante, DentalMir)CIF: 42966501VDirecci\u00f3n: calle Trasim\u00e9 n\u00ba 63, s&#8217;Arenal 07600, &hellip; Continuar leyendo \"Pol\u00edtica de privacidad\"","og_url":"https:\/\/clinicadentalmir.com\/es\/politica-de-privacidad","og_site_name":"Cl\u00ednica Dental Mir","article_modified_time":"2021-04-09T12:06:48+00:00","og_image":[{"width":2000,"height":1500,"url":"https:\/\/clinicadentalmir.com\/wp-content\/uploads\/2017\/11\/recepcio-entrada-1.jpg","type":"image\/jpeg"}],"twitter_card":"summary_large_image","twitter_misc":{"Tiempo de lectura":"3 minutos"},"schema":{"@context":"https:\/\/schema.org","@graph":[{"@type":"WebPage","@id":"https:\/\/clinicadentalmir.com\/es\/politica-de-privacidad","url":"https:\/\/clinicadentalmir.com\/es\/politica-de-privacidad","name":"Pol\u00edtica de privacidad - Cl\u00ednica Dental Mir","isPartOf":{"@id":"https:\/\/clinicadentalmir.com\/es\/#website"},"datePublished":"2021-04-09T12:06:47+00:00","dateModified":"2021-04-09T12:06:48+00:00","breadcrumb":{"@id":"https:\/\/clinicadentalmir.com\/es\/politica-de-privacidad#breadcrumb"},"inLanguage":"es","potentialAction":[{"@type":"ReadAction","target":["https:\/\/clinicadentalmir.com\/es\/politica-de-privacidad"]}]},{"@type":"BreadcrumbList","@id":"https:\/\/clinicadentalmir.com\/es\/politica-de-privacidad#breadcrumb","itemListElement":[{"@type":"ListItem","position":1,"name":"Inici","item":"https:\/\/clinicadentalmir.com\/es"},{"@type":"ListItem","position":2,"name":"Pol\u00edtica de privacidad"}]},{"@type":"WebSite","@id":"https:\/\/clinicadentalmir.com\/es\/#website","url":"https:\/\/clinicadentalmir.com\/es\/","name":"Cl\u00ednica Dental Mir","description":"Centre Odont\u00f2logic Integral","publisher":{"@id":"https:\/\/clinicadentalmir.com\/es\/#organization"},"alternateName":"Centre Odontol\u00f2gic integral a s'Arenal","potentialAction":[{"@type":"SearchAction","target":{"@type":"EntryPoint","urlTemplate":"https:\/\/clinicadentalmir.com\/es\/?s={search_term_string}"},"query-input":{"@type":"PropertyValueSpecification","valueRequired":true,"valueName":"search_term_string"}}],"inLanguage":"es"},{"@type":"Organization","@id":"https:\/\/clinicadentalmir.com\/es\/#organization","name":"Cl\u00ednica Dental Mir","alternateName":"dentista general, cirug\u00eda, est\u00e8tica i ortod\u00f2ncia","url":"https:\/\/clinicadentalmir.com\/es\/","logo":{"@type":"ImageObject","inLanguage":"es","@id":"https:\/\/clinicadentalmir.com\/es\/#\/schema\/logo\/image\/","url":"https:\/\/clinicadentalmir.com\/wp-content\/uploads\/2026\/03\/Logo-clinica-dental-mir-e1773266855310.jpg","contentUrl":"https:\/\/clinicadentalmir.com\/wp-content\/uploads\/2026\/03\/Logo-clinica-dental-mir-e1773266855310.jpg","width":555,"height":513,"caption":"Cl\u00ednica Dental Mir"},"image":{"@id":"https:\/\/clinicadentalmir.com\/es\/#\/schema\/logo\/image\/"}}]}},"_links":{"self":[{"href":"https:\/\/clinicadentalmir.com\/es\/wp-json\/wp\/v2\/pages\/778","targetHints":{"allow":["GET"]}}],"collection":[{"href":"https:\/\/clinicadentalmir.com\/es\/wp-json\/wp\/v2\/pages"}],"about":[{"href":"https:\/\/clinicadentalmir.com\/es\/wp-json\/wp\/v2\/types\/page"}],"author":[{"embeddable":true,"href":"https:\/\/clinicadentalmir.com\/es\/wp-json\/wp\/v2\/users\/3"}],"replies":[{"embeddable":true,"href":"https:\/\/clinicadentalmir.com\/es\/wp-json\/wp\/v2\/comments?post=778"}],"version-history":[{"count":1,"href":"https:\/\/clinicadentalmir.com\/es\/wp-json\/wp\/v2\/pages\/778\/revisions"}],"predecessor-version":[{"id":779,"href":"https:\/\/clinicadentalmir.com\/es\/wp-json\/wp\/v2\/pages\/778\/revisions\/779"}],"wp:attachment":[{"href":"https:\/\/clinicadentalmir.com\/es\/wp-json\/wp\/v2\/media?parent=778"}],"curies":[{"name":"wp","href":"https:\/\/api.w.org\/{rel}","templated":true}]}}